{"id":3396,"date":"2025-07-18T18:17:15","date_gmt":"2025-07-18T18:17:15","guid":{"rendered":"https:\/\/bloodsugarblaster.link\/lalaatelierinstitucional\/?page_id=3396"},"modified":"2026-03-11T21:20:40","modified_gmt":"2026-03-11T21:20:40","slug":"obras","status":"publish","type":"page","link":"https:\/\/lalatelier.com\/en\/obras\/","title":{"rendered":"Artworks"},"content":{"rendered":"<div class=\"wpb-content-wrapper\"><div  class=\"sec_row container-fluid\"><div class=\"vc_row wpb_row vc_row-fluid no-padding align-center vc_row-o-content-middle vc_row-flex\"><div class=\"wpb_column vc_column_container vc_col-sm-12 et-dark-column\"><div class=\"vc_column-inner\"><div class=\"wpb_wrapper\"><div class=\"vc_separator wpb_content_element vc_separator_align_center vc_sep_width_70 vc_sep_pos_align_center vc_separator_no_text vc_sep_color_grey wpb_content_element  wpb_content_element\" ><span class=\"vc_sep_holder vc_sep_holder_l\"><span class=\"vc_sep_line\"><\/span><\/span><span class=\"vc_sep_holder vc_sep_holder_r\"><span class=\"vc_sep_line\"><\/span><\/span>\n<\/div><div class=\"woocommerce columns-3\">\n<ul class=\"products row et-main-products hover-animation-zoom-jump et-shop-show-variations et-shop-hover-images show-rating\" data-columns=\"3\" data-mobile-columns=\"2\" data-navigation=\"true\" data-pagination=\"true\" data-layoutmode=\"packery\">\n<li class=\"item et-listing-style1 col-6 col-sm-6 col-md-4 col-lg-4 small_grid_4 product type-product post-3562 status-publish first instock product_cat-vibrart has-post-thumbnail featured sold-individually shipping-taxable product-type-simple\">\n\t<div class=\"product-inner animation bottom-to-top\">\n\t\t<figure class=\"product_thumbnail et-image-hover\">  \n\t\t<a href=\"https:\/\/lalatelier.com\/en\/product\/fluxo\/\" title=\"Fluxo\"><img loading=\"lazy\" decoding=\"async\" width=\"450\" height=\"450\" src=\"https:\/\/lalatelier.com\/wp-content\/uploads\/2026\/05\/11-2-450x450.png\" class=\"main-image skip-lazy\" alt=\"Fluxo\" srcset=\"https:\/\/lalatelier.com\/wp-content\/uploads\/2026\/05\/11-2-450x450.png 450w, https:\/\/lalatelier.com\/wp-content\/uploads\/2026\/05\/11-2-300x300.png 300w, https:\/\/lalatelier.com\/wp-content\/uploads\/2026\/05\/11-2-150x150.png 150w, https:\/\/lalatelier.com\/wp-content\/uploads\/2026\/05\/11-2-768x768.png 768w, https:\/\/lalatelier.com\/wp-content\/uploads\/2026\/05\/11-2-12x12.png 12w, https:\/\/lalatelier.com\/wp-content\/uploads\/2026\/05\/11-2-100x100.png 100w, https:\/\/lalatelier.com\/wp-content\/uploads\/2026\/05\/11-2-50x50.png 50w, https:\/\/lalatelier.com\/wp-content\/uploads\/2026\/05\/11-2.png 1000w\" sizes=\"auto, (max-width: 450px) 100vw, 450px\" \/><img loading=\"lazy\" decoding=\"async\" width=\"450\" height=\"450\" src=\"https:\/\/lalatelier.com\/wp-content\/uploads\/2026\/06\/VIBRAR-1-450x450.png\" class=\"product_thumbnail_hover\" alt=\"\" srcset=\"https:\/\/lalatelier.com\/wp-content\/uploads\/2026\/06\/VIBRAR-1-450x450.png 450w, https:\/\/lalatelier.com\/wp-content\/uploads\/2026\/06\/VIBRAR-1-300x300.png 300w, https:\/\/lalatelier.com\/wp-content\/uploads\/2026\/06\/VIBRAR-1-150x150.png 150w, https:\/\/lalatelier.com\/wp-content\/uploads\/2026\/06\/VIBRAR-1-768x768.png 768w, https:\/\/lalatelier.com\/wp-content\/uploads\/2026\/06\/VIBRAR-1-12x12.png 12w, https:\/\/lalatelier.com\/wp-content\/uploads\/2026\/06\/VIBRAR-1-100x100.png 100w, https:\/\/lalatelier.com\/wp-content\/uploads\/2026\/06\/VIBRAR-1-50x50.png 50w, https:\/\/lalatelier.com\/wp-content\/uploads\/2026\/06\/VIBRAR-1.png 1000w\" sizes=\"auto, (max-width: 450px) 100vw, 450px\" \/><\/a>\n\t\t\t\t<div class=\"actions-wrapper\">\n\t\t\t\t\t\t\t\t\t\t\t\t<a href=\"https:\/\/lalatelier.com\/en\/product\/fluxo\/\" title=\"Quick View\" data-product_id=\"3562\" class=\"et-quickview-btn et-tooltip product_type_simple\"><span class=\"text\">Quick View<\/span><span class=\"icon\"><span class=\"et-icon et-maximize-2\"><\/span><\/span><\/a>\t\t\t<\/div>\n\t<\/figure>\n\t<div class=\"caption\">\n\t\t<div class=\"product-title\">\n\t\t\t<h2><a class=\"product-link\" href=\"https:\/\/lalatelier.com\/en\/product\/fluxo\/\" title=\"Fluxo\">Fluxo<\/a><\/h2>\n\t\t\t<div class=\"yith-add-to-wishlist-button-block\" data-product-id=\"3562\" data-attributes=\"{&quot;kind&quot;:&quot;button&quot;}\"><\/div>\t\t<\/div>\n\t\t\n\t\t<div class=\"product_after_title\">\n\n\t\t\t<div class=\"product_after_shop_loop_price\">\n\t\t\t\t\n\t\t\t<\/div>\n\n\t\t\t<div class=\"product-excerpt\">\n\t\t\t\t<p><strong>Medidas:<\/strong> 1.50 x 1.00 m<br \/>\n<strong>T\u00e9cnica:<\/strong> Acr\u00edlico sobre tela, com texturas org\u00e2nicas<\/p>\n<p><strong>Descri\u00e7\u00e3o:<\/strong><br \/>\n\u201cA obra \u201dFluxo\u201d nasceu da minha percep\u00e7\u00e3o de que tudo est\u00e1 em movimento, mesmo aquilo que, \u00e0 primeira vista, parece quieto.<\/p>\n<p>As cores se revelam como correntes invis\u00edveis que se encontram, se atravessam e se transformam continuamente. O azul surge como um mergulho profundo, sereno, quase silencioso, trazendo essa sensa\u00e7\u00e3o de vastid\u00e3o e respiro. J\u00e1 o vermelho pulsa com intensidade, como um sopro de energia viva, presen\u00e7a que aquece e desperta.<\/p>\n<p>Entre esses dois campos, sinto um ponto de converg\u00eancia. Um centro sutil onde tudo se reorganiza, como se as for\u00e7as se escutassem antes de seguir adiante. N\u00e3o h\u00e1 ruptura, h\u00e1 transi\u00e7\u00e3o. N\u00e3o h\u00e1 conflito, h\u00e1 di\u00e1logo.<\/p>\n<p>\u201cFluxo\u201d \u00e9 esse lembrete silencioso: mesmo nos contrastes mais intensos, existe harmonia. Basta permitir que o movimento aconte\u00e7a.<\/p>\n\t\t\t<\/div>\n\n\t\t\t<div class=\"after_shop_loop_actions\">\n\n\t\t\t\t<a href=\"https:\/\/lalatelier.com\/en\/product\/fluxo\/\" aria-describedby=\"woocommerce_loop_add_to_cart_link_describedby_3562\" data-quantity=\"1\" class=\"button product_type_simple\" data-product_id=\"3562\" data-product_sku=\"\" aria-label=\"Read more about \u201cFluxo\u201d\" rel=\"nofollow\" data-success_message=\"\" data-no-translation-aria-label=\"\"><span class=\"text\" data-no-translation=\"\" data-trp-gettext=\"\">Read more<\/span><span class=\"icon et-icon et-shopping-cart\"><\/span><\/a>\t<span id=\"woocommerce_loop_add_to_cart_link_describedby_3562\" class=\"screen-reader-text\">\n\t\t<\/span>\n\t\t<a id=\"sendbtn\" href=\"https:\/\/web.whatsapp.com\/send?phone=%2844%29+98802-2010&text=Boa%20tarde%21%20Gostaria%20de%20falar%20com%20algu%C3%A9m%20sobre%20a%20aquisi%C3%A7%C3%A3o%20desta%20arte%20original.%20Ela%20ainda%20est%C3%A1%20dispon%C3%ADvel%3F%0D%0A%0D%0A%2AFluxo%2A%0A%2AURL%3A%2A%20https%3A%2F%2Flalatelier.com%2Fen%2Fproduct%2Ffluxo%2F%0D%0A%0D%0AObrigado%21&app_absent=0\" title=\"Complete order on WhatsApp to buy Fluxo\" target=\"\" class=\"button add_to_cart_button wa-shop-button product_type_simple\">\r\n\t\t\tAdquirir esta pe\u00e7a original\t\t<\/a>\r\n\t\t\t\t<\/div>\n\n\t\t<\/div>\n\n\t\t\n\t<\/div>\n\n\t<\/div>\n\n<\/li>\n<li class=\"item et-listing-style1 col-6 col-sm-6 col-md-4 col-lg-4 small_grid_4 product type-product post-3560 status-publish instock product_cat-vibrart has-post-thumbnail featured sold-individually shipping-taxable product-type-simple\">\n\t<div class=\"product-inner animation bottom-to-top\">\n\t\t<figure class=\"product_thumbnail et-image-hover\">  \n\t\t<a href=\"https:\/\/lalatelier.com\/en\/product\/do-quente-ao-frio\/\" title=\"Do Quente ao Frio\"><img loading=\"lazy\" decoding=\"async\" width=\"450\" height=\"450\" src=\"https:\/\/lalatelier.com\/wp-content\/uploads\/2026\/05\/4-2-450x450.png\" class=\"main-image skip-lazy\" alt=\"Do Quente ao Frio\" srcset=\"https:\/\/lalatelier.com\/wp-content\/uploads\/2026\/05\/4-2-450x450.png 450w, https:\/\/lalatelier.com\/wp-content\/uploads\/2026\/05\/4-2-300x300.png 300w, https:\/\/lalatelier.com\/wp-content\/uploads\/2026\/05\/4-2-150x150.png 150w, https:\/\/lalatelier.com\/wp-content\/uploads\/2026\/05\/4-2-768x768.png 768w, https:\/\/lalatelier.com\/wp-content\/uploads\/2026\/05\/4-2-12x12.png 12w, https:\/\/lalatelier.com\/wp-content\/uploads\/2026\/05\/4-2-100x100.png 100w, https:\/\/lalatelier.com\/wp-content\/uploads\/2026\/05\/4-2-50x50.png 50w, https:\/\/lalatelier.com\/wp-content\/uploads\/2026\/05\/4-2.png 1000w\" sizes=\"auto, (max-width: 450px) 100vw, 450px\" \/><img loading=\"lazy\" decoding=\"async\" width=\"450\" height=\"450\" src=\"https:\/\/lalatelier.com\/wp-content\/uploads\/2026\/06\/QUENTE-E-FRIO-450x450.png\" class=\"product_thumbnail_hover\" alt=\"\" srcset=\"https:\/\/lalatelier.com\/wp-content\/uploads\/2026\/06\/QUENTE-E-FRIO-450x450.png 450w, https:\/\/lalatelier.com\/wp-content\/uploads\/2026\/06\/QUENTE-E-FRIO-300x300.png 300w, https:\/\/lalatelier.com\/wp-content\/uploads\/2026\/06\/QUENTE-E-FRIO-150x150.png 150w, https:\/\/lalatelier.com\/wp-content\/uploads\/2026\/06\/QUENTE-E-FRIO-768x768.png 768w, https:\/\/lalatelier.com\/wp-content\/uploads\/2026\/06\/QUENTE-E-FRIO-12x12.png 12w, https:\/\/lalatelier.com\/wp-content\/uploads\/2026\/06\/QUENTE-E-FRIO-100x100.png 100w, https:\/\/lalatelier.com\/wp-content\/uploads\/2026\/06\/QUENTE-E-FRIO-50x50.png 50w, https:\/\/lalatelier.com\/wp-content\/uploads\/2026\/06\/QUENTE-E-FRIO.png 1000w\" sizes=\"auto, (max-width: 450px) 100vw, 450px\" \/><\/a>\n\t\t\t\t<div class=\"actions-wrapper\">\n\t\t\t\t\t\t\t\t\t\t\t\t<a href=\"https:\/\/lalatelier.com\/en\/product\/do-quente-ao-frio\/\" title=\"Quick View\" data-product_id=\"3560\" class=\"et-quickview-btn et-tooltip product_type_simple\"><span class=\"text\">Quick View<\/span><span class=\"icon\"><span class=\"et-icon et-maximize-2\"><\/span><\/span><\/a>\t\t\t<\/div>\n\t<\/figure>\n\t<div class=\"caption\">\n\t\t<div class=\"product-title\">\n\t\t\t<h2><a class=\"product-link\" href=\"https:\/\/lalatelier.com\/en\/product\/do-quente-ao-frio\/\" title=\"Do Quente ao Frio\">Do Quente ao Frio<\/a><\/h2>\n\t\t\t<div class=\"yith-add-to-wishlist-button-block\" data-product-id=\"3560\" data-attributes=\"{&quot;kind&quot;:&quot;button&quot;}\"><\/div>\t\t<\/div>\n\t\t\n\t\t<div class=\"product_after_title\">\n\n\t\t\t<div class=\"product_after_shop_loop_price\">\n\t\t\t\t\n\t\t\t<\/div>\n\n\t\t\t<div class=\"product-excerpt\">\n\t\t\t\t<p><strong>Medidas:<\/strong> 1.50 x 1.00 m<br \/>\n<strong>T\u00e9cnica:<\/strong> Acr\u00edlico sobre tela, com texturas org\u00e2nicas<\/p>\n<p><strong>Descri\u00e7\u00e3o:<\/strong><br \/>\n\u201cDo Quente ao Frio\u201d nasceu do meu fasc\u00ednio pelos contrastes, por esse encontro entre for\u00e7as diferentes que, em vez de se anularem, se revelam.<\/p>\n<p>Os tons quentes avan\u00e7am com presen\u00e7a, quase pulsando, carregando intensidade, energia e movimento. J\u00e1 as nuances frias se expandem de forma mais silenciosa, criando respiro, profundidade e perman\u00eancia. S\u00e3o naturezas distintas, mas que se reconhecem e se acolhem dentro da mesma paisagem.<\/p>\n<p><span class=\"NormalTextRun SCXW118333939 BCX0\">Enquanto constru\u00eda essa obra,\u00a0<\/span><span class=\"NormalTextRun SCXW118333939 BCX0\">fui percebendo esse di\u00e1logo d<\/span><span class=\"NormalTextRun SCXW118333939 BCX0\">iante de mim, como se cada cor encontrasse seu lugar de forma natural<\/span><span class=\"NormalTextRun SCXW118333939 BCX0\">. Entre esses dois extremos<\/span>\u00a0nasce um espa\u00e7o de equil\u00edbrio: um ponto sutil onde tudo se harmoniza, onde o contraste deixa de ser conflito e passa a ser complemento.<\/p>\n<p>\u201cDo Quente ao Frio\u201d \u00e9 sobre essa travessia: reconhecer as diferen\u00e7as, permitir o di\u00e1logo e confiar que, no meio, sempre existe um lugar de equil\u00edbrio.<\/p>\n\t\t\t<\/div>\n\n\t\t\t<div class=\"after_shop_loop_actions\">\n\n\t\t\t\t<a href=\"https:\/\/lalatelier.com\/en\/product\/do-quente-ao-frio\/\" aria-describedby=\"woocommerce_loop_add_to_cart_link_describedby_3560\" data-quantity=\"1\" class=\"button product_type_simple\" data-product_id=\"3560\" data-product_sku=\"\" aria-label=\"Read more about \u201cDo Quente ao Frio\u201d\" rel=\"nofollow\" data-success_message=\"\" data-no-translation-aria-label=\"\"><span class=\"text\" data-no-translation=\"\" data-trp-gettext=\"\">Read more<\/span><span class=\"icon et-icon et-shopping-cart\"><\/span><\/a>\t<span id=\"woocommerce_loop_add_to_cart_link_describedby_3560\" class=\"screen-reader-text\">\n\t\t<\/span>\n\t\t<a id=\"sendbtn\" href=\"https:\/\/web.whatsapp.com\/send?phone=%2844%29+98802-2010&text=Boa%20tarde%21%20Gostaria%20de%20falar%20com%20algu%C3%A9m%20sobre%20a%20aquisi%C3%A7%C3%A3o%20desta%20arte%20original.%20Ela%20ainda%20est%C3%A1%20dispon%C3%ADvel%3F%0D%0A%0D%0A%2ADo%20Quente%20ao%20Frio%2A%0A%2AURL%3A%2A%20https%3A%2F%2Flalatelier.com%2Fen%2Fproduct%2Fdo-quente-ao-frio%2F%0D%0A%0D%0AObrigado%21&app_absent=0\" title=\"Complete order on WhatsApp to buy Do Quente ao Frio\" target=\"\" class=\"button add_to_cart_button wa-shop-button product_type_simple\">\r\n\t\t\tAdquirir esta pe\u00e7a original\t\t<\/a>\r\n\t\t\t\t<\/div>\n\n\t\t<\/div>\n\n\t\t\n\t<\/div>\n\n\t<\/div>\n\n<\/li>\n<li class=\"item et-listing-style1 col-6 col-sm-6 col-md-4 col-lg-4 small_grid_4 product type-product post-3558 status-publish last instock product_cat-serenidade has-post-thumbnail featured sold-individually shipping-taxable product-type-simple\">\n\t<div class=\"product-inner animation bottom-to-top\">\n\t\t<figure class=\"product_thumbnail et-image-hover\">  \n\t\t<a href=\"https:\/\/lalatelier.com\/en\/product\/renascimento\/\" title=\"Renascimento\"><img loading=\"lazy\" decoding=\"async\" width=\"450\" height=\"450\" src=\"https:\/\/lalatelier.com\/wp-content\/uploads\/2026\/05\/9-2-450x450.png\" class=\"main-image skip-lazy\" alt=\"Renascimento\" srcset=\"https:\/\/lalatelier.com\/wp-content\/uploads\/2026\/05\/9-2-450x450.png 450w, https:\/\/lalatelier.com\/wp-content\/uploads\/2026\/05\/9-2-300x300.png 300w, https:\/\/lalatelier.com\/wp-content\/uploads\/2026\/05\/9-2-150x150.png 150w, https:\/\/lalatelier.com\/wp-content\/uploads\/2026\/05\/9-2-768x768.png 768w, https:\/\/lalatelier.com\/wp-content\/uploads\/2026\/05\/9-2-12x12.png 12w, https:\/\/lalatelier.com\/wp-content\/uploads\/2026\/05\/9-2-100x100.png 100w, https:\/\/lalatelier.com\/wp-content\/uploads\/2026\/05\/9-2-50x50.png 50w, https:\/\/lalatelier.com\/wp-content\/uploads\/2026\/05\/9-2.png 1000w\" sizes=\"auto, (max-width: 450px) 100vw, 450px\" \/><img loading=\"lazy\" decoding=\"async\" width=\"450\" height=\"450\" src=\"https:\/\/lalatelier.com\/wp-content\/uploads\/2026\/06\/RENASCIMENTO-450x450.png\" class=\"product_thumbnail_hover\" alt=\"\" srcset=\"https:\/\/lalatelier.com\/wp-content\/uploads\/2026\/06\/RENASCIMENTO-450x450.png 450w, https:\/\/lalatelier.com\/wp-content\/uploads\/2026\/06\/RENASCIMENTO-300x300.png 300w, https:\/\/lalatelier.com\/wp-content\/uploads\/2026\/06\/RENASCIMENTO-150x150.png 150w, https:\/\/lalatelier.com\/wp-content\/uploads\/2026\/06\/RENASCIMENTO-768x768.png 768w, https:\/\/lalatelier.com\/wp-content\/uploads\/2026\/06\/RENASCIMENTO-12x12.png 12w, https:\/\/lalatelier.com\/wp-content\/uploads\/2026\/06\/RENASCIMENTO-100x100.png 100w, https:\/\/lalatelier.com\/wp-content\/uploads\/2026\/06\/RENASCIMENTO-50x50.png 50w, https:\/\/lalatelier.com\/wp-content\/uploads\/2026\/06\/RENASCIMENTO.png 1000w\" sizes=\"auto, (max-width: 450px) 100vw, 450px\" \/><\/a>\n\t\t\t\t<div class=\"actions-wrapper\">\n\t\t\t\t\t\t\t\t\t\t\t\t<a href=\"https:\/\/lalatelier.com\/en\/product\/renascimento\/\" title=\"Quick View\" data-product_id=\"3558\" class=\"et-quickview-btn et-tooltip product_type_simple\"><span class=\"text\">Quick View<\/span><span class=\"icon\"><span class=\"et-icon et-maximize-2\"><\/span><\/span><\/a>\t\t\t<\/div>\n\t<\/figure>\n\t<div class=\"caption\">\n\t\t<div class=\"product-title\">\n\t\t\t<h2><a class=\"product-link\" href=\"https:\/\/lalatelier.com\/en\/product\/renascimento\/\" title=\"Renascimento\">Renascimento<\/a><\/h2>\n\t\t\t<div class=\"yith-add-to-wishlist-button-block\" data-product-id=\"3558\" data-attributes=\"{&quot;kind&quot;:&quot;button&quot;}\"><\/div>\t\t<\/div>\n\t\t\n\t\t<div class=\"product_after_title\">\n\n\t\t\t<div class=\"product_after_shop_loop_price\">\n\t\t\t\t\n\t\t\t<\/div>\n\n\t\t\t<div class=\"product-excerpt\">\n\t\t\t\t<p><strong>Medidas:<\/strong> 1.50 x 1.00 m<br \/>\n<strong>T\u00e9cnica:<\/strong> Acr\u00edlico sobre tela, com texturas org\u00e2nicas<\/p>\n<p><strong>Descri\u00e7\u00e3o:<\/strong><\/p>\n<p><span class=\"TextRun SCXW81882047 BCX0\" lang=\"PT-BR\" xml:lang=\"PT-BR\" data-contrast=\"auto\"><span class=\"NormalTextRun SCXW81882047 BCX0\">Desenvolver a obra \u00a8<\/span><span class=\"NormalTextRun SpellingErrorV2Themed SCXW81882047 BCX0\">Renascimento\u00a8 foi<\/span><span class=\"NormalTextRun SCXW81882047 BCX0\">\u00a0uma cont<\/span><span class=\"NormalTextRun SCXW81882047 BCX0\">empla\u00e7\u00e3o sobre os recome\u00e7os \u2013 n\u00e3o como rupturas, mas como movimentos silenciosos que acontecem de dentro para fora. Tons neutros e\u00a0<\/span><span class=\"NormalTextRun SCXW81882047 BCX0\">luminosos se expandem suavemente pela composi\u00e7\u00e3o, evocando aquilo que emerge no seu pr\u00f3prio tempo, sem pressa, sem esfor\u00e7o<\/span><span class=\"NormalTextRun SCXW81882047 BCX0\">, apenas seguindo o curso natural da transforma\u00e7\u00e3o.<\/span><\/span><\/p>\n<p>Para mim, essa obra traduz o renascer como um processo essencial: fluido, org\u00e2nico, inevit\u00e1vel. Um lembrete de que sempre h\u00e1 espa\u00e7o para o novo surgir, mesmo que de forma silenciosa.<\/p>\n<p>A obra \u201dRenascimento\u201d \u00e9 sobre confiar nesses movimentos internos e permitir que a vida se reorganize, com calma e verdade.<\/p>\n\t\t\t<\/div>\n\n\t\t\t<div class=\"after_shop_loop_actions\">\n\n\t\t\t\t<a href=\"https:\/\/lalatelier.com\/en\/product\/renascimento\/\" aria-describedby=\"woocommerce_loop_add_to_cart_link_describedby_3558\" data-quantity=\"1\" class=\"button product_type_simple\" data-product_id=\"3558\" data-product_sku=\"\" aria-label=\"Read more about \u201cRenascimento\u201d\" rel=\"nofollow\" data-success_message=\"\" data-no-translation-aria-label=\"\"><span class=\"text\" data-no-translation=\"\" data-trp-gettext=\"\">Read more<\/span><span class=\"icon et-icon et-shopping-cart\"><\/span><\/a>\t<span id=\"woocommerce_loop_add_to_cart_link_describedby_3558\" class=\"screen-reader-text\">\n\t\t<\/span>\n\t\t<a id=\"sendbtn\" href=\"https:\/\/web.whatsapp.com\/send?phone=%2844%29+98802-2010&text=Boa%20tarde%21%20Gostaria%20de%20falar%20com%20algu%C3%A9m%20sobre%20a%20aquisi%C3%A7%C3%A3o%20desta%20arte%20original.%20Ela%20ainda%20est%C3%A1%20dispon%C3%ADvel%3F%0D%0A%0D%0A%2ARenascimento%2A%0A%2AURL%3A%2A%20https%3A%2F%2Flalatelier.com%2Fen%2Fproduct%2Frenascimento%2F%0D%0A%0D%0AObrigado%21&app_absent=0\" title=\"Complete order on WhatsApp to buy Renascimento\" target=\"\" class=\"button add_to_cart_button wa-shop-button product_type_simple\">\r\n\t\t\tAdquirir esta pe\u00e7a original\t\t<\/a>\r\n\t\t\t\t<\/div>\n\n\t\t<\/div>\n\n\t\t\n\t<\/div>\n\n\t<\/div>\n\n<\/li>\n<li class=\"item et-listing-style1 col-6 col-sm-6 col-md-4 col-lg-4 small_grid_4 product type-product post-3556 status-publish first instock product_cat-serenidade has-post-thumbnail featured sold-individually shipping-taxable product-type-simple\">\n\t<div class=\"product-inner animation bottom-to-top\">\n\t\t<figure class=\"product_thumbnail et-image-hover\">  \n\t\t<a href=\"https:\/\/lalatelier.com\/en\/product\/respiro-das-cores\/\" title=\"Respiro das Cores\"><img loading=\"lazy\" decoding=\"async\" width=\"450\" height=\"450\" src=\"https:\/\/lalatelier.com\/wp-content\/uploads\/2026\/05\/10-2-450x450.png\" class=\"main-image skip-lazy\" alt=\"Respiro das Cores\" srcset=\"https:\/\/lalatelier.com\/wp-content\/uploads\/2026\/05\/10-2-450x450.png 450w, https:\/\/lalatelier.com\/wp-content\/uploads\/2026\/05\/10-2-300x300.png 300w, https:\/\/lalatelier.com\/wp-content\/uploads\/2026\/05\/10-2-150x150.png 150w, https:\/\/lalatelier.com\/wp-content\/uploads\/2026\/05\/10-2-768x768.png 768w, https:\/\/lalatelier.com\/wp-content\/uploads\/2026\/05\/10-2-12x12.png 12w, https:\/\/lalatelier.com\/wp-content\/uploads\/2026\/05\/10-2-100x100.png 100w, https:\/\/lalatelier.com\/wp-content\/uploads\/2026\/05\/10-2-50x50.png 50w, https:\/\/lalatelier.com\/wp-content\/uploads\/2026\/05\/10-2.png 1000w\" sizes=\"auto, (max-width: 450px) 100vw, 450px\" \/><img loading=\"lazy\" decoding=\"async\" width=\"450\" height=\"450\" src=\"https:\/\/lalatelier.com\/wp-content\/uploads\/2026\/06\/RESPIRO-DAS-CORES-450x450.png\" class=\"product_thumbnail_hover\" alt=\"\" srcset=\"https:\/\/lalatelier.com\/wp-content\/uploads\/2026\/06\/RESPIRO-DAS-CORES-450x450.png 450w, https:\/\/lalatelier.com\/wp-content\/uploads\/2026\/06\/RESPIRO-DAS-CORES-300x300.png 300w, https:\/\/lalatelier.com\/wp-content\/uploads\/2026\/06\/RESPIRO-DAS-CORES-150x150.png 150w, https:\/\/lalatelier.com\/wp-content\/uploads\/2026\/06\/RESPIRO-DAS-CORES-768x768.png 768w, https:\/\/lalatelier.com\/wp-content\/uploads\/2026\/06\/RESPIRO-DAS-CORES-12x12.png 12w, https:\/\/lalatelier.com\/wp-content\/uploads\/2026\/06\/RESPIRO-DAS-CORES-100x100.png 100w, https:\/\/lalatelier.com\/wp-content\/uploads\/2026\/06\/RESPIRO-DAS-CORES-50x50.png 50w, https:\/\/lalatelier.com\/wp-content\/uploads\/2026\/06\/RESPIRO-DAS-CORES.png 1000w\" sizes=\"auto, (max-width: 450px) 100vw, 450px\" \/><\/a>\n\t\t\t\t<div class=\"actions-wrapper\">\n\t\t\t\t\t\t\t\t\t\t\t\t<a href=\"https:\/\/lalatelier.com\/en\/product\/respiro-das-cores\/\" title=\"Quick View\" data-product_id=\"3556\" class=\"et-quickview-btn et-tooltip product_type_simple\"><span class=\"text\">Quick View<\/span><span class=\"icon\"><span class=\"et-icon et-maximize-2\"><\/span><\/span><\/a>\t\t\t<\/div>\n\t<\/figure>\n\t<div class=\"caption\">\n\t\t<div class=\"product-title\">\n\t\t\t<h2><a class=\"product-link\" href=\"https:\/\/lalatelier.com\/en\/product\/respiro-das-cores\/\" title=\"Respiro das Cores\">Respiro das Cores<\/a><\/h2>\n\t\t\t<div class=\"yith-add-to-wishlist-button-block\" data-product-id=\"3556\" data-attributes=\"{&quot;kind&quot;:&quot;button&quot;}\"><\/div>\t\t<\/div>\n\t\t\n\t\t<div class=\"product_after_title\">\n\n\t\t\t<div class=\"product_after_shop_loop_price\">\n\t\t\t\t\n\t\t\t<\/div>\n\n\t\t\t<div class=\"product-excerpt\">\n\t\t\t\t<p><strong>Medidas:<\/strong> 0.70 x 1.10 m<br \/>\n<strong>T\u00e9cnica:<\/strong> Acr\u00edlico sobre tela, com texturas org\u00e2nicas<\/p>\n<p><strong>Descri\u00e7\u00e3o:<\/strong><br \/>\n\u201cRespiro das Cores\u201d nasceu do meu entendimento de que o vazio tamb\u00e9m comunica.<\/p>\n<p>Nessa obra, o equil\u00edbrio n\u00e3o est\u00e1 apenas nas cores, mas no espa\u00e7o entre elas. O branco n\u00e3o surge como aus\u00eancia, mas como pausa, um intervalo necess\u00e1rio onde tudo desacelera e se reorganiza com leveza.<\/p>\n<p>As cores respiram, se expandem e recuam, como se respeitassem esse sil\u00eancio que sustenta a composi\u00e7\u00e3o. H\u00e1 um ritmo sutil, quase invis\u00edvel, onde presen\u00e7a e pausa coexistem em harmonia.<\/p>\n<p>Enquanto criava, percebi que esse respiro tamb\u00e9m era meu. Um convite a desacelerar o olhar, a acolher o sil\u00eancio e a compreender que nem tudo precisa ser preenchido.<\/p>\n<p>\u201cRespiro das Cores\u201d \u00e9 sobre isso: encontrar equil\u00edbrio no intervalo, permitir o vazio e reconhecer que, muitas vezes, \u00e9 na pausa que tudo encontra seu lugar.<\/p>\n\t\t\t<\/div>\n\n\t\t\t<div class=\"after_shop_loop_actions\">\n\n\t\t\t\t<a href=\"https:\/\/lalatelier.com\/en\/product\/respiro-das-cores\/\" aria-describedby=\"woocommerce_loop_add_to_cart_link_describedby_3556\" data-quantity=\"1\" class=\"button product_type_simple\" data-product_id=\"3556\" data-product_sku=\"\" aria-label=\"Read more about \u201cRespiro das Cores\u201d\" rel=\"nofollow\" data-success_message=\"\" data-no-translation-aria-label=\"\"><span class=\"text\" data-no-translation=\"\" data-trp-gettext=\"\">Read more<\/span><span class=\"icon et-icon et-shopping-cart\"><\/span><\/a>\t<span id=\"woocommerce_loop_add_to_cart_link_describedby_3556\" class=\"screen-reader-text\">\n\t\t<\/span>\n\t\t<a id=\"sendbtn\" href=\"https:\/\/web.whatsapp.com\/send?phone=%2844%29+98802-2010&text=Boa%20tarde%21%20Gostaria%20de%20falar%20com%20algu%C3%A9m%20sobre%20a%20aquisi%C3%A7%C3%A3o%20desta%20arte%20original.%20Ela%20ainda%20est%C3%A1%20dispon%C3%ADvel%3F%0D%0A%0D%0A%2ARespiro%20das%20Cores%2A%0A%2AURL%3A%2A%20https%3A%2F%2Flalatelier.com%2Fen%2Fproduct%2Frespiro-das-cores%2F%0D%0A%0D%0AObrigado%21&app_absent=0\" title=\"Complete order on WhatsApp to buy Respiro das Cores\" target=\"\" class=\"button add_to_cart_button wa-shop-button product_type_simple\">\r\n\t\t\tAdquirir esta pe\u00e7a original\t\t<\/a>\r\n\t\t\t\t<\/div>\n\n\t\t<\/div>\n\n\t\t\n\t<\/div>\n\n\t<\/div>\n\n<\/li>\n<li class=\"item et-listing-style1 col-6 col-sm-6 col-md-4 col-lg-4 small_grid_4 product type-product post-3554 status-publish instock product_cat-serenidade has-post-thumbnail featured sold-individually shipping-taxable product-type-simple\">\n\t<div class=\"product-inner animation bottom-to-top\">\n\t\t<figure class=\"product_thumbnail et-image-hover\">  \n\t\t<a href=\"https:\/\/lalatelier.com\/en\/product\/horizontes-fluidos-2\/\" title=\"Horizontes Flu\u00eddos\"><img loading=\"lazy\" decoding=\"async\" width=\"450\" height=\"450\" src=\"https:\/\/lalatelier.com\/wp-content\/uploads\/2026\/05\/7-2-450x450.png\" class=\"main-image skip-lazy\" alt=\"Horizontes Flu\u00eddos\" srcset=\"https:\/\/lalatelier.com\/wp-content\/uploads\/2026\/05\/7-2-450x450.png 450w, https:\/\/lalatelier.com\/wp-content\/uploads\/2026\/05\/7-2-300x300.png 300w, https:\/\/lalatelier.com\/wp-content\/uploads\/2026\/05\/7-2-150x150.png 150w, https:\/\/lalatelier.com\/wp-content\/uploads\/2026\/05\/7-2-768x768.png 768w, https:\/\/lalatelier.com\/wp-content\/uploads\/2026\/05\/7-2-12x12.png 12w, https:\/\/lalatelier.com\/wp-content\/uploads\/2026\/05\/7-2-100x100.png 100w, https:\/\/lalatelier.com\/wp-content\/uploads\/2026\/05\/7-2-50x50.png 50w, https:\/\/lalatelier.com\/wp-content\/uploads\/2026\/05\/7-2.png 1000w\" sizes=\"auto, (max-width: 450px) 100vw, 450px\" \/><img loading=\"lazy\" decoding=\"async\" width=\"450\" height=\"450\" src=\"https:\/\/lalatelier.com\/wp-content\/uploads\/2026\/06\/HORIZONTE-FLUIDOS-450x450.png\" class=\"product_thumbnail_hover\" alt=\"\" srcset=\"https:\/\/lalatelier.com\/wp-content\/uploads\/2026\/06\/HORIZONTE-FLUIDOS-450x450.png 450w, https:\/\/lalatelier.com\/wp-content\/uploads\/2026\/06\/HORIZONTE-FLUIDOS-300x300.png 300w, https:\/\/lalatelier.com\/wp-content\/uploads\/2026\/06\/HORIZONTE-FLUIDOS-150x150.png 150w, https:\/\/lalatelier.com\/wp-content\/uploads\/2026\/06\/HORIZONTE-FLUIDOS-768x768.png 768w, https:\/\/lalatelier.com\/wp-content\/uploads\/2026\/06\/HORIZONTE-FLUIDOS-12x12.png 12w, https:\/\/lalatelier.com\/wp-content\/uploads\/2026\/06\/HORIZONTE-FLUIDOS-100x100.png 100w, https:\/\/lalatelier.com\/wp-content\/uploads\/2026\/06\/HORIZONTE-FLUIDOS-50x50.png 50w, https:\/\/lalatelier.com\/wp-content\/uploads\/2026\/06\/HORIZONTE-FLUIDOS.png 1000w\" sizes=\"auto, (max-width: 450px) 100vw, 450px\" \/><\/a>\n\t\t\t\t<div class=\"actions-wrapper\">\n\t\t\t\t\t\t\t\t\t\t\t\t<a href=\"https:\/\/lalatelier.com\/en\/product\/horizontes-fluidos-2\/\" title=\"Quick View\" data-product_id=\"3554\" class=\"et-quickview-btn et-tooltip product_type_simple\"><span class=\"text\">Quick View<\/span><span class=\"icon\"><span class=\"et-icon et-maximize-2\"><\/span><\/span><\/a>\t\t\t<\/div>\n\t<\/figure>\n\t<div class=\"caption\">\n\t\t<div class=\"product-title\">\n\t\t\t<h2><a class=\"product-link\" href=\"https:\/\/lalatelier.com\/en\/product\/horizontes-fluidos-2\/\" title=\"Horizontes Flu\u00eddos\">Horizontes Flu\u00eddos<\/a><\/h2>\n\t\t\t<div class=\"yith-add-to-wishlist-button-block\" data-product-id=\"3554\" data-attributes=\"{&quot;kind&quot;:&quot;button&quot;}\"><\/div>\t\t<\/div>\n\t\t\n\t\t<div class=\"product_after_title\">\n\n\t\t\t<div class=\"product_after_shop_loop_price\">\n\t\t\t\t\n\t\t\t<\/div>\n\n\t\t\t<div class=\"product-excerpt\">\n\t\t\t\t<p><strong>Medidas:<\/strong> 1.50 x 1.50 m<br \/>\n<strong>T\u00e9cnica:<\/strong> Acr\u00edlico flu\u00eddo<\/p>\n<p><strong>Descri\u00e7\u00e3o:<\/strong><\/p>\n<p>\u201cHorizontes Flu\u00eddos\u201d nasceu desse desejo de pausa. Um lugar onde as linhas n\u00e3o delimitam, mas conduzem. N\u00e3o s\u00e3o fronteiras, s\u00e3o passagens, caminhos sutis que me levam de um estado a outro, com suavidade.<\/p>\n<p>Enquanto constru\u00eda essa obra, fui percebendo que ela n\u00e3o pedia dire\u00e7\u00e3o, apenas presen\u00e7a. Os contornos se dissolvem, os limites se tornam male\u00e1veis, e o olhar pode vagar livre, sem a necessidade de encontrar respostas.<\/p>\n\t\t\t<\/div>\n\n\t\t\t<div class=\"after_shop_loop_actions\">\n\n\t\t\t\t<a href=\"https:\/\/lalatelier.com\/en\/product\/horizontes-fluidos-2\/\" aria-describedby=\"woocommerce_loop_add_to_cart_link_describedby_3554\" data-quantity=\"1\" class=\"button product_type_simple\" data-product_id=\"3554\" data-product_sku=\"\" aria-label=\"Read more about \u201cHorizontes Flu\u00eddos\u201d\" rel=\"nofollow\" data-success_message=\"\" data-no-translation-aria-label=\"\"><span class=\"text\" data-no-translation=\"\" data-trp-gettext=\"\">Read more<\/span><span class=\"icon et-icon et-shopping-cart\"><\/span><\/a>\t<span id=\"woocommerce_loop_add_to_cart_link_describedby_3554\" class=\"screen-reader-text\">\n\t\t<\/span>\n\t\t<a id=\"sendbtn\" href=\"https:\/\/web.whatsapp.com\/send?phone=%2844%29+98802-2010&text=Boa%20tarde%21%20Gostaria%20de%20falar%20com%20algu%C3%A9m%20sobre%20a%20aquisi%C3%A7%C3%A3o%20desta%20arte%20original.%20Ela%20ainda%20est%C3%A1%20dispon%C3%ADvel%3F%0D%0A%0D%0A%2AHorizontes%20Flu%C3%ADdos%2A%0A%2AURL%3A%2A%20https%3A%2F%2Flalatelier.com%2Fen%2Fproduct%2Fhorizontes-fluidos-2%2F%0D%0A%0D%0AObrigado%21&app_absent=0\" title=\"Complete order on WhatsApp to buy Horizontes Flu\u00eddos\" target=\"\" class=\"button add_to_cart_button wa-shop-button product_type_simple\">\r\n\t\t\tAdquirir esta pe\u00e7a original\t\t<\/a>\r\n\t\t\t\t<\/div>\n\n\t\t<\/div>\n\n\t\t\n\t<\/div>\n\n\t<\/div>\n\n<\/li>\n<li class=\"item et-listing-style1 col-6 col-sm-6 col-md-4 col-lg-4 small_grid_4 product type-product post-3552 status-publish last instock product_cat-aguas has-post-thumbnail featured sold-individually shipping-taxable product-type-simple\">\n\t<div class=\"product-inner animation bottom-to-top\">\n\t\t<figure class=\"product_thumbnail et-image-hover\">  \n\t\t<a href=\"https:\/\/lalatelier.com\/en\/product\/ar-e-agua-2\/\" title=\"Ar e \u00c1gua\"><img loading=\"lazy\" decoding=\"async\" width=\"450\" height=\"450\" src=\"https:\/\/lalatelier.com\/wp-content\/uploads\/2026\/05\/1-2-450x450.png\" class=\"main-image skip-lazy\" alt=\"Ar e \u00c1gua\" srcset=\"https:\/\/lalatelier.com\/wp-content\/uploads\/2026\/05\/1-2-450x450.png 450w, https:\/\/lalatelier.com\/wp-content\/uploads\/2026\/05\/1-2-300x300.png 300w, https:\/\/lalatelier.com\/wp-content\/uploads\/2026\/05\/1-2-150x150.png 150w, https:\/\/lalatelier.com\/wp-content\/uploads\/2026\/05\/1-2-768x768.png 768w, https:\/\/lalatelier.com\/wp-content\/uploads\/2026\/05\/1-2-12x12.png 12w, https:\/\/lalatelier.com\/wp-content\/uploads\/2026\/05\/1-2-100x100.png 100w, https:\/\/lalatelier.com\/wp-content\/uploads\/2026\/05\/1-2-50x50.png 50w, https:\/\/lalatelier.com\/wp-content\/uploads\/2026\/05\/1-2.png 1000w\" sizes=\"auto, (max-width: 450px) 100vw, 450px\" \/><img loading=\"lazy\" decoding=\"async\" width=\"450\" height=\"450\" src=\"https:\/\/lalatelier.com\/wp-content\/uploads\/2026\/06\/AGUA-E-AR-450x450.png\" class=\"product_thumbnail_hover\" alt=\"\" srcset=\"https:\/\/lalatelier.com\/wp-content\/uploads\/2026\/06\/AGUA-E-AR-450x450.png 450w, https:\/\/lalatelier.com\/wp-content\/uploads\/2026\/06\/AGUA-E-AR-300x300.png 300w, https:\/\/lalatelier.com\/wp-content\/uploads\/2026\/06\/AGUA-E-AR-150x150.png 150w, https:\/\/lalatelier.com\/wp-content\/uploads\/2026\/06\/AGUA-E-AR-768x768.png 768w, https:\/\/lalatelier.com\/wp-content\/uploads\/2026\/06\/AGUA-E-AR-12x12.png 12w, https:\/\/lalatelier.com\/wp-content\/uploads\/2026\/06\/AGUA-E-AR-100x100.png 100w, https:\/\/lalatelier.com\/wp-content\/uploads\/2026\/06\/AGUA-E-AR-50x50.png 50w, https:\/\/lalatelier.com\/wp-content\/uploads\/2026\/06\/AGUA-E-AR.png 1000w\" sizes=\"auto, (max-width: 450px) 100vw, 450px\" \/><\/a>\n\t\t\t\t<div class=\"actions-wrapper\">\n\t\t\t\t\t\t\t\t\t\t\t\t<a href=\"https:\/\/lalatelier.com\/en\/product\/ar-e-agua-2\/\" title=\"Quick View\" data-product_id=\"3552\" class=\"et-quickview-btn et-tooltip product_type_simple\"><span class=\"text\">Quick View<\/span><span class=\"icon\"><span class=\"et-icon et-maximize-2\"><\/span><\/span><\/a>\t\t\t<\/div>\n\t<\/figure>\n\t<div class=\"caption\">\n\t\t<div class=\"product-title\">\n\t\t\t<h2><a class=\"product-link\" href=\"https:\/\/lalatelier.com\/en\/product\/ar-e-agua-2\/\" title=\"Ar e \u00c1gua\">Ar e \u00c1gua<\/a><\/h2>\n\t\t\t<div class=\"yith-add-to-wishlist-button-block\" data-product-id=\"3552\" data-attributes=\"{&quot;kind&quot;:&quot;button&quot;}\"><\/div>\t\t<\/div>\n\t\t\n\t\t<div class=\"product_after_title\">\n\n\t\t\t<div class=\"product_after_shop_loop_price\">\n\t\t\t\t\n\t\t\t<\/div>\n\n\t\t\t<div class=\"product-excerpt\">\n\t\t\t\t<p><strong>Medidas:<\/strong> 1.00 x 1.20 m<br \/>\n<strong>T\u00e9cnica:<\/strong> Acr\u00edlico sobre tela, com textura org\u00e2nica<\/p>\n<p><strong>Descri\u00e7\u00e3o:<\/strong><\/p>\n<p>Esta obra nasceu da minha entrega ao movimento. Ela simplesmente aconteceu, como em um instante de fluidez, um mergulho onde n\u00e3o precisei entender, apenas sentir.<\/p>\n<p>As formas se revelaram de maneira intuitiva, como se fossem guiadas por uma mem\u00f3ria invis\u00edvel. As cores encontraram seu caminho com naturalidade, desenhando um fluxo que parecia existir, antes mesmo de ser criado.<\/p>\n<p>\u201cAr e \u00c1gua\u201d \u00e9 sobre esse lugar de confian\u00e7a: quando em silencio deixo o instinto conduzir e permito que o invis\u00edvel ganhe forma.<\/p>\n\t\t\t<\/div>\n\n\t\t\t<div class=\"after_shop_loop_actions\">\n\n\t\t\t\t<a href=\"https:\/\/lalatelier.com\/en\/product\/ar-e-agua-2\/\" aria-describedby=\"woocommerce_loop_add_to_cart_link_describedby_3552\" data-quantity=\"1\" class=\"button product_type_simple\" data-product_id=\"3552\" data-product_sku=\"\" aria-label=\"Read more about \u201cAr e \u00c1gua\u201d\" rel=\"nofollow\" data-success_message=\"\" data-no-translation-aria-label=\"\"><span class=\"text\" data-no-translation=\"\" data-trp-gettext=\"\">Read more<\/span><span class=\"icon et-icon et-shopping-cart\"><\/span><\/a>\t<span id=\"woocommerce_loop_add_to_cart_link_describedby_3552\" class=\"screen-reader-text\">\n\t\t<\/span>\n\t\t<a id=\"sendbtn\" href=\"https:\/\/web.whatsapp.com\/send?phone=%2844%29+98802-2010&text=Boa%20tarde%21%20Gostaria%20de%20falar%20com%20algu%C3%A9m%20sobre%20a%20aquisi%C3%A7%C3%A3o%20desta%20arte%20original.%20Ela%20ainda%20est%C3%A1%20dispon%C3%ADvel%3F%0D%0A%0D%0A%2AAr%20e%20%C3%81gua%2A%0A%2AURL%3A%2A%20https%3A%2F%2Flalatelier.com%2Fen%2Fproduct%2Far-e-agua-2%2F%0D%0A%0D%0AObrigado%21&app_absent=0\" title=\"Complete order on WhatsApp to buy Ar e \u00c1gua\" target=\"\" class=\"button add_to_cart_button wa-shop-button product_type_simple\">\r\n\t\t\tAdquirir esta pe\u00e7a original\t\t<\/a>\r\n\t\t\t\t<\/div>\n\n\t\t<\/div>\n\n\t\t\n\t<\/div>\n\n\t<\/div>\n\n<\/li>\n<li class=\"item et-listing-style1 col-6 col-sm-6 col-md-4 col-lg-4 small_grid_4 product type-product post-3549 status-publish first instock product_cat-aguas has-post-thumbnail featured sold-individually shipping-taxable product-type-simple\">\n\t<div class=\"product-inner animation bottom-to-top\">\n\t\t<figure class=\"product_thumbnail et-image-hover\">  \n\t\t<a href=\"https:\/\/lalatelier.com\/en\/product\/alem-do-reflexo\/\" title=\"Al\u00e9m do reflexo\"><img loading=\"lazy\" decoding=\"async\" width=\"450\" height=\"450\" src=\"https:\/\/lalatelier.com\/wp-content\/uploads\/2026\/05\/2-2-450x450.png\" class=\"main-image skip-lazy\" alt=\"Al\u00e9m do reflexo\" srcset=\"https:\/\/lalatelier.com\/wp-content\/uploads\/2026\/05\/2-2-450x450.png 450w, https:\/\/lalatelier.com\/wp-content\/uploads\/2026\/05\/2-2-300x300.png 300w, https:\/\/lalatelier.com\/wp-content\/uploads\/2026\/05\/2-2-150x150.png 150w, https:\/\/lalatelier.com\/wp-content\/uploads\/2026\/05\/2-2-768x768.png 768w, https:\/\/lalatelier.com\/wp-content\/uploads\/2026\/05\/2-2-12x12.png 12w, https:\/\/lalatelier.com\/wp-content\/uploads\/2026\/05\/2-2-100x100.png 100w, https:\/\/lalatelier.com\/wp-content\/uploads\/2026\/05\/2-2-50x50.png 50w, https:\/\/lalatelier.com\/wp-content\/uploads\/2026\/05\/2-2.png 1000w\" sizes=\"auto, (max-width: 450px) 100vw, 450px\" \/><img loading=\"lazy\" decoding=\"async\" width=\"450\" height=\"450\" src=\"https:\/\/lalatelier.com\/wp-content\/uploads\/2026\/06\/ALEM-DO-REFELXO-450x450.png\" class=\"product_thumbnail_hover\" alt=\"\" srcset=\"https:\/\/lalatelier.com\/wp-content\/uploads\/2026\/06\/ALEM-DO-REFELXO-450x450.png 450w, https:\/\/lalatelier.com\/wp-content\/uploads\/2026\/06\/ALEM-DO-REFELXO-300x300.png 300w, https:\/\/lalatelier.com\/wp-content\/uploads\/2026\/06\/ALEM-DO-REFELXO-150x150.png 150w, https:\/\/lalatelier.com\/wp-content\/uploads\/2026\/06\/ALEM-DO-REFELXO-768x768.png 768w, https:\/\/lalatelier.com\/wp-content\/uploads\/2026\/06\/ALEM-DO-REFELXO-12x12.png 12w, https:\/\/lalatelier.com\/wp-content\/uploads\/2026\/06\/ALEM-DO-REFELXO-100x100.png 100w, https:\/\/lalatelier.com\/wp-content\/uploads\/2026\/06\/ALEM-DO-REFELXO-50x50.png 50w, https:\/\/lalatelier.com\/wp-content\/uploads\/2026\/06\/ALEM-DO-REFELXO.png 1000w\" sizes=\"auto, (max-width: 450px) 100vw, 450px\" \/><\/a>\n\t\t\t\t<div class=\"actions-wrapper\">\n\t\t\t\t\t\t\t\t\t\t\t\t<a href=\"https:\/\/lalatelier.com\/en\/product\/alem-do-reflexo\/\" title=\"Quick View\" data-product_id=\"3549\" class=\"et-quickview-btn et-tooltip product_type_simple\"><span class=\"text\">Quick View<\/span><span class=\"icon\"><span class=\"et-icon et-maximize-2\"><\/span><\/span><\/a>\t\t\t<\/div>\n\t<\/figure>\n\t<div class=\"caption\">\n\t\t<div class=\"product-title\">\n\t\t\t<h2><a class=\"product-link\" href=\"https:\/\/lalatelier.com\/en\/product\/alem-do-reflexo\/\" title=\"Al\u00e9m do reflexo\">Al\u00e9m do reflexo<\/a><\/h2>\n\t\t\t<div class=\"yith-add-to-wishlist-button-block\" data-product-id=\"3549\" data-attributes=\"{&quot;kind&quot;:&quot;button&quot;}\"><\/div>\t\t<\/div>\n\t\t\n\t\t<div class=\"product_after_title\">\n\n\t\t\t<div class=\"product_after_shop_loop_price\">\n\t\t\t\t\n\t\t\t<\/div>\n\n\t\t\t<div class=\"product-excerpt\">\n\t\t\t\t<p><strong>Medidas:<\/strong> 1.00 x 1.20 m<br \/>\n<strong>T\u00e9cnica:<\/strong> Acr\u00edlico flu\u00eddo<\/p>\n<p><strong>Descri\u00e7\u00e3o:<\/strong><br \/>\n\u201cAl\u00e9m do Reflexo\u201d nasceu desse lugar em mim.<\/p>\n<p>De um desejo silencioso de ir al\u00e9m do que se mostra na superf\u00edcie, de atravessar o \u00f3bvio e tocar o que \u00e9 sutil, o que \u00e9 sentido antes mesmo de ser compreendido.<\/p>\n<p>\u00c9 sobre escolher ver com mais delicadeza, cultivar esperan\u00e7a nos detalhes e encontrar beleza mesmo quando os dias insistem em tons acinzentados.<\/p>\n<p>Quando criei essa obra, eu estava em busca de mim. Buscando um jeito mais gentil, mais acolhedor de me conectar com o mundo ao meu redor e, sobretudo, comigo mesma.<\/p>\n<p>Ela carrega esse convite: olhar de novo, com calma, com presen\u00e7a. Porque h\u00e1 sempre algo al\u00e9m\u2026 algo mais profundo, mais vivo, mais bonito, mesmo quando ainda n\u00e3o conseguimos ver.<\/p>\n\t\t\t<\/div>\n\n\t\t\t<div class=\"after_shop_loop_actions\">\n\n\t\t\t\t<a href=\"https:\/\/lalatelier.com\/en\/product\/alem-do-reflexo\/\" aria-describedby=\"woocommerce_loop_add_to_cart_link_describedby_3549\" data-quantity=\"1\" class=\"button product_type_simple\" data-product_id=\"3549\" data-product_sku=\"\" aria-label=\"Read more about \u201cAl\u00e9m do reflexo\u201d\" rel=\"nofollow\" data-success_message=\"\" data-no-translation-aria-label=\"\"><span class=\"text\" data-no-translation=\"\" data-trp-gettext=\"\">Read more<\/span><span class=\"icon et-icon et-shopping-cart\"><\/span><\/a>\t<span id=\"woocommerce_loop_add_to_cart_link_describedby_3549\" class=\"screen-reader-text\">\n\t\t<\/span>\n\t\t<a id=\"sendbtn\" href=\"https:\/\/web.whatsapp.com\/send?phone=%2844%29+98802-2010&text=Boa%20tarde%21%20Gostaria%20de%20falar%20com%20algu%C3%A9m%20sobre%20a%20aquisi%C3%A7%C3%A3o%20desta%20arte%20original.%20Ela%20ainda%20est%C3%A1%20dispon%C3%ADvel%3F%0D%0A%0D%0A%2AAl%C3%A9m%20do%20reflexo%2A%0A%2AURL%3A%2A%20https%3A%2F%2Flalatelier.com%2Fen%2Fproduct%2Falem-do-reflexo%2F%0D%0A%0D%0AObrigado%21&app_absent=0\" title=\"Complete order on WhatsApp to buy Al\u00e9m do reflexo\" target=\"\" class=\"button add_to_cart_button wa-shop-button product_type_simple\">\r\n\t\t\tAdquirir esta pe\u00e7a original\t\t<\/a>\r\n\t\t\t\t<\/div>\n\n\t\t<\/div>\n\n\t\t\n\t<\/div>\n\n\t<\/div>\n\n<\/li>\n<li class=\"item et-listing-style1 col-6 col-sm-6 col-md-4 col-lg-4 small_grid_4 product type-product post-3547 status-publish instock product_cat-aguas has-post-thumbnail featured sold-individually shipping-taxable product-type-simple\">\n\t<div class=\"product-inner animation bottom-to-top\">\n\t\t<figure class=\"product_thumbnail et-image-hover\">  \n\t\t<a href=\"https:\/\/lalatelier.com\/en\/product\/marulho-suave\/\" title=\"Marulho Suave\"><img loading=\"lazy\" decoding=\"async\" width=\"450\" height=\"450\" src=\"https:\/\/lalatelier.com\/wp-content\/uploads\/2026\/05\/5-2-450x450.png\" class=\"main-image skip-lazy\" alt=\"Marulho Suave\" srcset=\"https:\/\/lalatelier.com\/wp-content\/uploads\/2026\/05\/5-2-450x450.png 450w, https:\/\/lalatelier.com\/wp-content\/uploads\/2026\/05\/5-2-300x300.png 300w, https:\/\/lalatelier.com\/wp-content\/uploads\/2026\/05\/5-2-150x150.png 150w, https:\/\/lalatelier.com\/wp-content\/uploads\/2026\/05\/5-2-768x768.png 768w, https:\/\/lalatelier.com\/wp-content\/uploads\/2026\/05\/5-2-12x12.png 12w, https:\/\/lalatelier.com\/wp-content\/uploads\/2026\/05\/5-2-100x100.png 100w, https:\/\/lalatelier.com\/wp-content\/uploads\/2026\/05\/5-2-50x50.png 50w, https:\/\/lalatelier.com\/wp-content\/uploads\/2026\/05\/5-2.png 1000w\" sizes=\"auto, (max-width: 450px) 100vw, 450px\" \/><img loading=\"lazy\" decoding=\"async\" width=\"450\" height=\"450\" src=\"https:\/\/lalatelier.com\/wp-content\/uploads\/2026\/06\/ENTRE-ONDAS-450x450.png\" class=\"product_thumbnail_hover\" alt=\"\" srcset=\"https:\/\/lalatelier.com\/wp-content\/uploads\/2026\/06\/ENTRE-ONDAS-450x450.png 450w, https:\/\/lalatelier.com\/wp-content\/uploads\/2026\/06\/ENTRE-ONDAS-300x300.png 300w, https:\/\/lalatelier.com\/wp-content\/uploads\/2026\/06\/ENTRE-ONDAS-150x150.png 150w, https:\/\/lalatelier.com\/wp-content\/uploads\/2026\/06\/ENTRE-ONDAS-768x768.png 768w, https:\/\/lalatelier.com\/wp-content\/uploads\/2026\/06\/ENTRE-ONDAS-12x12.png 12w, https:\/\/lalatelier.com\/wp-content\/uploads\/2026\/06\/ENTRE-ONDAS-100x100.png 100w, https:\/\/lalatelier.com\/wp-content\/uploads\/2026\/06\/ENTRE-ONDAS-50x50.png 50w, https:\/\/lalatelier.com\/wp-content\/uploads\/2026\/06\/ENTRE-ONDAS.png 1000w\" sizes=\"auto, (max-width: 450px) 100vw, 450px\" \/><\/a>\n\t\t\t\t<div class=\"actions-wrapper\">\n\t\t\t\t\t\t\t\t\t\t\t\t<a href=\"https:\/\/lalatelier.com\/en\/product\/marulho-suave\/\" title=\"Quick View\" data-product_id=\"3547\" class=\"et-quickview-btn et-tooltip product_type_simple\"><span class=\"text\">Quick View<\/span><span class=\"icon\"><span class=\"et-icon et-maximize-2\"><\/span><\/span><\/a>\t\t\t<\/div>\n\t<\/figure>\n\t<div class=\"caption\">\n\t\t<div class=\"product-title\">\n\t\t\t<h2><a class=\"product-link\" href=\"https:\/\/lalatelier.com\/en\/product\/marulho-suave\/\" title=\"Marulho Suave\">Marulho Suave<\/a><\/h2>\n\t\t\t<div class=\"yith-add-to-wishlist-button-block\" data-product-id=\"3547\" data-attributes=\"{&quot;kind&quot;:&quot;button&quot;}\"><\/div>\t\t<\/div>\n\t\t\n\t\t<div class=\"product_after_title\">\n\n\t\t\t<div class=\"product_after_shop_loop_price\">\n\t\t\t\t\n\t\t\t<\/div>\n\n\t\t\t<div class=\"product-excerpt\">\n\t\t\t\t<p><strong>Medidas:<\/strong> 1.00 x 1.20 m<br \/>\n<strong>T\u00e9cnica:<\/strong> Acr\u00edlico flu\u00eddo<\/p>\n<p><strong>Descri\u00e7\u00e3o:<\/strong><\/p>\n<p>Esta obra nasceu do meu olhar para o oceano quando este repousa em paz.<\/p>\n<p>Busquei traduzir o movimento manso das \u00e1guas, um vai e vem acolhedor. Um ritmo que embala, quase como um abra\u00e7o silencioso\u2026<\/p>\n<p>Enquanto pintava,\u00a0me deixei levar\u00a0por\u00a0pensamentos que desaceleram\u00a0e emo\u00e7\u00f5es que se traduzem em descanso.<\/p>\n<p>\u00a8Marulho suave \u00a8\u00e9 esse estado de entrega: Quando eu confio no fluxo e permito que a leveza me conduza.<\/p>\n\t\t\t<\/div>\n\n\t\t\t<div class=\"after_shop_loop_actions\">\n\n\t\t\t\t<a href=\"https:\/\/lalatelier.com\/en\/product\/marulho-suave\/\" aria-describedby=\"woocommerce_loop_add_to_cart_link_describedby_3547\" data-quantity=\"1\" class=\"button product_type_simple\" data-product_id=\"3547\" data-product_sku=\"\" aria-label=\"Read more about \u201cMarulho Suave\u201d\" rel=\"nofollow\" data-success_message=\"\" data-no-translation-aria-label=\"\"><span class=\"text\" data-no-translation=\"\" data-trp-gettext=\"\">Read more<\/span><span class=\"icon et-icon et-shopping-cart\"><\/span><\/a>\t<span id=\"woocommerce_loop_add_to_cart_link_describedby_3547\" class=\"screen-reader-text\">\n\t\t<\/span>\n\t\t<a id=\"sendbtn\" href=\"https:\/\/web.whatsapp.com\/send?phone=%2844%29+98802-2010&text=Boa%20tarde%21%20Gostaria%20de%20falar%20com%20algu%C3%A9m%20sobre%20a%20aquisi%C3%A7%C3%A3o%20desta%20arte%20original.%20Ela%20ainda%20est%C3%A1%20dispon%C3%ADvel%3F%0D%0A%0D%0A%2AMarulho%20Suave%2A%0A%2AURL%3A%2A%20https%3A%2F%2Flalatelier.com%2Fen%2Fproduct%2Fmarulho-suave%2F%0D%0A%0D%0AObrigado%21&app_absent=0\" title=\"Complete order on WhatsApp to buy Marulho Suave\" target=\"\" class=\"button add_to_cart_button wa-shop-button product_type_simple\">\r\n\t\t\tAdquirir esta pe\u00e7a original\t\t<\/a>\r\n\t\t\t\t<\/div>\n\n\t\t<\/div>\n\n\t\t\n\t<\/div>\n\n\t<\/div>\n\n<\/li>\n<li class=\"item et-listing-style1 col-6 col-sm-6 col-md-4 col-lg-4 small_grid_4 product type-product post-3545 status-publish last instock product_cat-aguas has-post-thumbnail featured sold-individually shipping-taxable product-type-simple\">\n\t<div class=\"product-inner animation bottom-to-top\">\n\t\t<figure class=\"product_thumbnail et-image-hover\">  \n\t\t<a href=\"https:\/\/lalatelier.com\/en\/product\/reflexo-do-sol\/\" title=\"Reflexo do Sol\"><img loading=\"lazy\" decoding=\"async\" width=\"450\" height=\"450\" src=\"https:\/\/lalatelier.com\/wp-content\/uploads\/2026\/05\/8-2-450x450.png\" class=\"main-image skip-lazy\" alt=\"Reflexo do Sol\" srcset=\"https:\/\/lalatelier.com\/wp-content\/uploads\/2026\/05\/8-2-450x450.png 450w, https:\/\/lalatelier.com\/wp-content\/uploads\/2026\/05\/8-2-300x300.png 300w, https:\/\/lalatelier.com\/wp-content\/uploads\/2026\/05\/8-2-150x150.png 150w, https:\/\/lalatelier.com\/wp-content\/uploads\/2026\/05\/8-2-768x768.png 768w, https:\/\/lalatelier.com\/wp-content\/uploads\/2026\/05\/8-2-12x12.png 12w, https:\/\/lalatelier.com\/wp-content\/uploads\/2026\/05\/8-2-100x100.png 100w, https:\/\/lalatelier.com\/wp-content\/uploads\/2026\/05\/8-2-50x50.png 50w, https:\/\/lalatelier.com\/wp-content\/uploads\/2026\/05\/8-2.png 1000w\" sizes=\"auto, (max-width: 450px) 100vw, 450px\" \/><img loading=\"lazy\" decoding=\"async\" width=\"450\" height=\"450\" src=\"https:\/\/lalatelier.com\/wp-content\/uploads\/2026\/06\/REFLEXO-DO-SOL-450x450.png\" class=\"product_thumbnail_hover\" alt=\"\" srcset=\"https:\/\/lalatelier.com\/wp-content\/uploads\/2026\/06\/REFLEXO-DO-SOL-450x450.png 450w, https:\/\/lalatelier.com\/wp-content\/uploads\/2026\/06\/REFLEXO-DO-SOL-300x300.png 300w, https:\/\/lalatelier.com\/wp-content\/uploads\/2026\/06\/REFLEXO-DO-SOL-150x150.png 150w, https:\/\/lalatelier.com\/wp-content\/uploads\/2026\/06\/REFLEXO-DO-SOL-768x768.png 768w, https:\/\/lalatelier.com\/wp-content\/uploads\/2026\/06\/REFLEXO-DO-SOL-12x12.png 12w, https:\/\/lalatelier.com\/wp-content\/uploads\/2026\/06\/REFLEXO-DO-SOL-100x100.png 100w, https:\/\/lalatelier.com\/wp-content\/uploads\/2026\/06\/REFLEXO-DO-SOL-50x50.png 50w, https:\/\/lalatelier.com\/wp-content\/uploads\/2026\/06\/REFLEXO-DO-SOL.png 1000w\" sizes=\"auto, (max-width: 450px) 100vw, 450px\" \/><\/a>\n\t\t\t\t<div class=\"actions-wrapper\">\n\t\t\t\t\t\t\t\t\t\t\t\t<a href=\"https:\/\/lalatelier.com\/en\/product\/reflexo-do-sol\/\" title=\"Quick View\" data-product_id=\"3545\" class=\"et-quickview-btn et-tooltip product_type_simple\"><span class=\"text\">Quick View<\/span><span class=\"icon\"><span class=\"et-icon et-maximize-2\"><\/span><\/span><\/a>\t\t\t<\/div>\n\t<\/figure>\n\t<div class=\"caption\">\n\t\t<div class=\"product-title\">\n\t\t\t<h2><a class=\"product-link\" href=\"https:\/\/lalatelier.com\/en\/product\/reflexo-do-sol\/\" title=\"Reflexo do Sol\">Reflexo do Sol<\/a><\/h2>\n\t\t\t<div class=\"yith-add-to-wishlist-button-block\" data-product-id=\"3545\" data-attributes=\"{&quot;kind&quot;:&quot;button&quot;}\"><\/div>\t\t<\/div>\n\t\t\n\t\t<div class=\"product_after_title\">\n\n\t\t\t<div class=\"product_after_shop_loop_price\">\n\t\t\t\t\n\t\t\t<\/div>\n\n\t\t\t<div class=\"product-excerpt\">\n\t\t\t\t<p><strong>Medidas:<\/strong> 1.20 x 1.00 m<br \/>\n<strong>T\u00e9cnica:<\/strong> Acr\u00edlico sobre tela, com texturas org\u00e2nicas<\/p>\n<p><strong>Descri\u00e7\u00e3o:<\/strong><br \/>\nA obra \u201cReflexo do Sol\u201d nasceu do meu encantamento por esse instante em que a luz toca a superf\u00edcie e tudo se transforma.<\/p>\n<p>A \u00e1gua se torna um espelho sens\u00edvel, capaz de acolher e devolver a luz com delicadeza. Os tons de azul se desdobram em camadas suaves, criando profundidade e sil\u00eancio, enquanto nuances douradas atravessam o horizonte como um sopro quente, quase et\u00e9reo, que ilumina sem romper a calma.<\/p>\n<p>Enquanto criava essa obra, buscava exatamente esse estado: observar sem pressa, sentir sem ru\u00eddo. Em \u201cReflexo do Sol\u201d \u00e9 sobre essa presen\u00e7a serena, onde a luz n\u00e3o apenas revela, mas tamb\u00e9m acolhe, e tudo encontra seu lugar em um equil\u00edbrio silencioso.<\/p>\n\t\t\t<\/div>\n\n\t\t\t<div class=\"after_shop_loop_actions\">\n\n\t\t\t\t<a href=\"https:\/\/lalatelier.com\/en\/product\/reflexo-do-sol\/\" aria-describedby=\"woocommerce_loop_add_to_cart_link_describedby_3545\" data-quantity=\"1\" class=\"button product_type_simple\" data-product_id=\"3545\" data-product_sku=\"\" aria-label=\"Read more about \u201cReflexo do Sol\u201d\" rel=\"nofollow\" data-success_message=\"\" data-no-translation-aria-label=\"\"><span class=\"text\" data-no-translation=\"\" data-trp-gettext=\"\">Read more<\/span><span class=\"icon et-icon et-shopping-cart\"><\/span><\/a>\t<span id=\"woocommerce_loop_add_to_cart_link_describedby_3545\" class=\"screen-reader-text\">\n\t\t<\/span>\n\t\t<a id=\"sendbtn\" href=\"https:\/\/web.whatsapp.com\/send?phone=%2844%29+98802-2010&text=Boa%20tarde%21%20Gostaria%20de%20falar%20com%20algu%C3%A9m%20sobre%20a%20aquisi%C3%A7%C3%A3o%20desta%20arte%20original.%20Ela%20ainda%20est%C3%A1%20dispon%C3%ADvel%3F%0D%0A%0D%0A%2AReflexo%20do%20Sol%2A%0A%2AURL%3A%2A%20https%3A%2F%2Flalatelier.com%2Fen%2Fproduct%2Freflexo-do-sol%2F%0D%0A%0D%0AObrigado%21&app_absent=0\" title=\"Complete order on WhatsApp to buy Reflexo do Sol\" target=\"\" class=\"button add_to_cart_button wa-shop-button product_type_simple\">\r\n\t\t\tAdquirir esta pe\u00e7a original\t\t<\/a>\r\n\t\t\t\t<\/div>\n\n\t\t<\/div>\n\n\t\t\n\t<\/div>\n\n\t<\/div>\n\n<\/li>\n<li class=\"item et-listing-style1 col-6 col-sm-6 col-md-4 col-lg-4 small_grid_4 product type-product post-3449 status-publish first instock product_cat-aguas has-post-thumbnail featured sold-individually shipping-taxable product-type-simple\">\n\t<div class=\"product-inner animation bottom-to-top\">\n\t\t<figure class=\"product_thumbnail et-image-hover\">  \n\t\t<a href=\"https:\/\/lalatelier.com\/en\/product\/asas-no-azul\/\" title=\"Asas no Azul\"><img loading=\"lazy\" decoding=\"async\" width=\"450\" height=\"450\" src=\"https:\/\/lalatelier.com\/wp-content\/uploads\/2025\/07\/3-450x450.png\" class=\"main-image skip-lazy\" alt=\"Asas no Azul\" srcset=\"https:\/\/lalatelier.com\/wp-content\/uploads\/2025\/07\/3-450x450.png 450w, https:\/\/lalatelier.com\/wp-content\/uploads\/2025\/07\/3-300x300.png 300w, https:\/\/lalatelier.com\/wp-content\/uploads\/2025\/07\/3-150x150.png 150w, https:\/\/lalatelier.com\/wp-content\/uploads\/2025\/07\/3-768x768.png 768w, https:\/\/lalatelier.com\/wp-content\/uploads\/2025\/07\/3-12x12.png 12w, https:\/\/lalatelier.com\/wp-content\/uploads\/2025\/07\/3-100x100.png 100w, https:\/\/lalatelier.com\/wp-content\/uploads\/2025\/07\/3-50x50.png 50w, https:\/\/lalatelier.com\/wp-content\/uploads\/2025\/07\/3.png 1000w\" sizes=\"auto, (max-width: 450px) 100vw, 450px\" \/><img loading=\"lazy\" decoding=\"async\" width=\"450\" height=\"450\" src=\"https:\/\/lalatelier.com\/wp-content\/uploads\/2026\/06\/ASAS-NO-AZUL-450x450.png\" class=\"product_thumbnail_hover\" alt=\"\" srcset=\"https:\/\/lalatelier.com\/wp-content\/uploads\/2026\/06\/ASAS-NO-AZUL-450x450.png 450w, https:\/\/lalatelier.com\/wp-content\/uploads\/2026\/06\/ASAS-NO-AZUL-300x300.png 300w, https:\/\/lalatelier.com\/wp-content\/uploads\/2026\/06\/ASAS-NO-AZUL-150x150.png 150w, https:\/\/lalatelier.com\/wp-content\/uploads\/2026\/06\/ASAS-NO-AZUL-768x768.png 768w, https:\/\/lalatelier.com\/wp-content\/uploads\/2026\/06\/ASAS-NO-AZUL-12x12.png 12w, https:\/\/lalatelier.com\/wp-content\/uploads\/2026\/06\/ASAS-NO-AZUL-100x100.png 100w, https:\/\/lalatelier.com\/wp-content\/uploads\/2026\/06\/ASAS-NO-AZUL-50x50.png 50w, https:\/\/lalatelier.com\/wp-content\/uploads\/2026\/06\/ASAS-NO-AZUL.png 1000w\" sizes=\"auto, (max-width: 450px) 100vw, 450px\" \/><\/a>\n\t\t\t\t<div class=\"actions-wrapper\">\n\t\t\t\t\t\t\t\t\t\t\t\t<a href=\"https:\/\/lalatelier.com\/en\/product\/asas-no-azul\/\" title=\"Quick View\" data-product_id=\"3449\" class=\"et-quickview-btn et-tooltip product_type_simple\"><span class=\"text\">Quick View<\/span><span class=\"icon\"><span class=\"et-icon et-maximize-2\"><\/span><\/span><\/a>\t\t\t<\/div>\n\t<\/figure>\n\t<div class=\"caption\">\n\t\t<div class=\"product-title\">\n\t\t\t<h2><a class=\"product-link\" href=\"https:\/\/lalatelier.com\/en\/product\/asas-no-azul\/\" title=\"Asas no Azul\">Asas no Azul<\/a><\/h2>\n\t\t\t<div class=\"yith-add-to-wishlist-button-block\" data-product-id=\"3449\" data-attributes=\"{&quot;kind&quot;:&quot;button&quot;}\"><\/div>\t\t<\/div>\n\t\t\n\t\t<div class=\"product_after_title\">\n\n\t\t\t<div class=\"product_after_shop_loop_price\">\n\t\t\t\t\n\t\t\t<\/div>\n\n\t\t\t<div class=\"product-excerpt\">\n\t\t\t\t<p><strong>Medidas:<\/strong> 1.00 x 1.20 m<br \/>\n<strong>T\u00e9cnica:<\/strong> Acr\u00edlico flu\u00eddo<\/p>\n<p><strong>Descri\u00e7\u00e3o:<\/strong><br \/>\nEssa obra nasceu de um desejo latente pelo sil\u00eancio e calma, de um lugar onde tudo desacelera e, enfim, repousa.<\/p>\n<p>No centro, quase impercept\u00edvel, deixei a marca de um p\u00e1ssaro. Um gesto sutil, como um segredo que s\u00f3 se revela a quem se permite olhar com presen\u00e7a. Ele n\u00e3o se imp\u00f5e, n\u00e3o pede aten\u00e7\u00e3o, apenas existe, flutuando em sil\u00eancio\u2026<\/p>\n<p>Para mim, ele representa esse voo interno, delicado e profundo, que acontece quando escolho escutar o que h\u00e1 de mais leve e verdadeiro em mim. \u201cAsas no Azul\u201d \u00e9 esse convite \u00edntimo: voar para dentro, com uma coragem tranquila, e confiar na quietude como caminho.<\/p>\n\t\t\t<\/div>\n\n\t\t\t<div class=\"after_shop_loop_actions\">\n\n\t\t\t\t<a href=\"https:\/\/lalatelier.com\/en\/product\/asas-no-azul\/\" aria-describedby=\"woocommerce_loop_add_to_cart_link_describedby_3449\" data-quantity=\"1\" class=\"button product_type_simple\" data-product_id=\"3449\" data-product_sku=\"\" aria-label=\"Read more about \u201cAsas no Azul\u201d\" rel=\"nofollow\" data-success_message=\"\" data-no-translation-aria-label=\"\"><span class=\"text\" data-no-translation=\"\" data-trp-gettext=\"\">Read more<\/span><span class=\"icon et-icon et-shopping-cart\"><\/span><\/a>\t<span id=\"woocommerce_loop_add_to_cart_link_describedby_3449\" class=\"screen-reader-text\">\n\t\t<\/span>\n\t\t<a id=\"sendbtn\" href=\"https:\/\/web.whatsapp.com\/send?phone=%2844%29+98802-2010&text=Boa%20tarde%21%20Gostaria%20de%20falar%20com%20algu%C3%A9m%20sobre%20a%20aquisi%C3%A7%C3%A3o%20desta%20arte%20original.%20Ela%20ainda%20est%C3%A1%20dispon%C3%ADvel%3F%0D%0A%0D%0A%2AAsas%20no%20Azul%2A%0A%2AURL%3A%2A%20https%3A%2F%2Flalatelier.com%2Fen%2Fproduct%2Fasas-no-azul%2F%0D%0A%0D%0AObrigado%21&app_absent=0\" title=\"Complete order on WhatsApp to buy Asas no Azul\" target=\"\" class=\"button add_to_cart_button wa-shop-button product_type_simple\">\r\n\t\t\tAdquirir esta pe\u00e7a original\t\t<\/a>\r\n\t\t\t\t<\/div>\n\n\t\t<\/div>\n\n\t\t\n\t<\/div>\n\n\t<\/div>\n\n<\/li>\n<li class=\"item et-listing-style1 col-6 col-sm-6 col-md-4 col-lg-4 small_grid_4 product type-product post-3441 status-publish instock product_cat-serenidade has-post-thumbnail featured sold-individually shipping-taxable product-type-simple\">\n\t<div class=\"product-inner animation bottom-to-top\">\n\t\t<figure class=\"product_thumbnail et-image-hover\">  \n\t\t<a href=\"https:\/\/lalatelier.com\/en\/product\/nevoa\/\" title=\"N\u00e9voa\"><img loading=\"lazy\" decoding=\"async\" width=\"450\" height=\"450\" src=\"https:\/\/lalatelier.com\/wp-content\/uploads\/2025\/07\/6-1-450x450.png\" class=\"main-image skip-lazy\" alt=\"N\u00e9voa\" srcset=\"https:\/\/lalatelier.com\/wp-content\/uploads\/2025\/07\/6-1-450x450.png 450w, https:\/\/lalatelier.com\/wp-content\/uploads\/2025\/07\/6-1-300x300.png 300w, https:\/\/lalatelier.com\/wp-content\/uploads\/2025\/07\/6-1-150x150.png 150w, https:\/\/lalatelier.com\/wp-content\/uploads\/2025\/07\/6-1-768x768.png 768w, https:\/\/lalatelier.com\/wp-content\/uploads\/2025\/07\/6-1-12x12.png 12w, https:\/\/lalatelier.com\/wp-content\/uploads\/2025\/07\/6-1-100x100.png 100w, https:\/\/lalatelier.com\/wp-content\/uploads\/2025\/07\/6-1-50x50.png 50w, https:\/\/lalatelier.com\/wp-content\/uploads\/2025\/07\/6-1.png 1000w\" sizes=\"auto, (max-width: 450px) 100vw, 450px\" \/><img loading=\"lazy\" decoding=\"async\" width=\"450\" height=\"450\" src=\"https:\/\/lalatelier.com\/wp-content\/uploads\/2026\/06\/NEVOA-450x450.png\" class=\"product_thumbnail_hover\" alt=\"\" srcset=\"https:\/\/lalatelier.com\/wp-content\/uploads\/2026\/06\/NEVOA-450x450.png 450w, https:\/\/lalatelier.com\/wp-content\/uploads\/2026\/06\/NEVOA-300x300.png 300w, https:\/\/lalatelier.com\/wp-content\/uploads\/2026\/06\/NEVOA-150x150.png 150w, https:\/\/lalatelier.com\/wp-content\/uploads\/2026\/06\/NEVOA-768x768.png 768w, https:\/\/lalatelier.com\/wp-content\/uploads\/2026\/06\/NEVOA-12x12.png 12w, https:\/\/lalatelier.com\/wp-content\/uploads\/2026\/06\/NEVOA-100x100.png 100w, https:\/\/lalatelier.com\/wp-content\/uploads\/2026\/06\/NEVOA-50x50.png 50w, https:\/\/lalatelier.com\/wp-content\/uploads\/2026\/06\/NEVOA.png 1000w\" sizes=\"auto, (max-width: 450px) 100vw, 450px\" \/><\/a>\n\t\t\t\t<div class=\"actions-wrapper\">\n\t\t\t\t\t\t\t\t\t\t\t\t<a href=\"https:\/\/lalatelier.com\/en\/product\/nevoa\/\" title=\"Quick View\" data-product_id=\"3441\" class=\"et-quickview-btn et-tooltip product_type_simple\"><span class=\"text\">Quick View<\/span><span class=\"icon\"><span class=\"et-icon et-maximize-2\"><\/span><\/span><\/a>\t\t\t<\/div>\n\t<\/figure>\n\t<div class=\"caption\">\n\t\t<div class=\"product-title\">\n\t\t\t<h2><a class=\"product-link\" href=\"https:\/\/lalatelier.com\/en\/product\/nevoa\/\" title=\"N\u00e9voa\">N\u00e9voa<\/a><\/h2>\n\t\t\t<div class=\"yith-add-to-wishlist-button-block\" data-product-id=\"3441\" data-attributes=\"{&quot;kind&quot;:&quot;button&quot;}\"><\/div>\t\t<\/div>\n\t\t\n\t\t<div class=\"product_after_title\">\n\n\t\t\t<div class=\"product_after_shop_loop_price\">\n\t\t\t\t\n\t\t\t<\/div>\n\n\t\t\t<div class=\"product-excerpt\">\n\t\t\t\t<p><strong>Medidas:<\/strong> 1.50 x 1.00 m<br \/>\n<strong>T\u00e9cnica:<\/strong> Acr\u00edlico flu\u00eddo<\/p>\n<p><strong>Descri\u00e7\u00e3o:<\/strong><\/p>\n<p><span data-contrast=\"auto\">Esta Obra\u00a0transmite\u00a0uma atmosfera suave na qual o mundo parece\u00a0habitar\u2026<\/span><span data-ccp-props=\"{}\">\u00a0<\/span><\/p>\n<p><span data-contrast=\"auto\">As camadas surgem como v\u00e9us, revelando e escondendo ao\u00a0mesmo tempo\u00a0e\u00a0carregando\u00a0um convite sutil: Desacelerar o olhar\u00a0e\u00a0sentir mais do que entender.<\/span><span data-ccp-props=\"{}\">\u00a0<\/span><\/p>\n<p><span data-contrast=\"auto\">N\u00e9voa \u00e9 sobre esse encontro silencioso, onde o essencial aparece e a calma se torna presen\u00e7a.<\/span><span data-ccp-props=\"{}\">\u00a0<\/span><\/p>\n\t\t\t<\/div>\n\n\t\t\t<div class=\"after_shop_loop_actions\">\n\n\t\t\t\t<a href=\"https:\/\/lalatelier.com\/en\/product\/nevoa\/\" aria-describedby=\"woocommerce_loop_add_to_cart_link_describedby_3441\" data-quantity=\"1\" class=\"button product_type_simple\" data-product_id=\"3441\" data-product_sku=\"\" aria-label=\"Read more about \u201cN\u00e9voa\u201d\" rel=\"nofollow\" data-success_message=\"\" data-no-translation-aria-label=\"\"><span class=\"text\" data-no-translation=\"\" data-trp-gettext=\"\">Read more<\/span><span class=\"icon et-icon et-shopping-cart\"><\/span><\/a>\t<span id=\"woocommerce_loop_add_to_cart_link_describedby_3441\" class=\"screen-reader-text\">\n\t\t<\/span>\n\t\t<a id=\"sendbtn\" href=\"https:\/\/web.whatsapp.com\/send?phone=%2844%29+98802-2010&text=Boa%20tarde%21%20Gostaria%20de%20falar%20com%20algu%C3%A9m%20sobre%20a%20aquisi%C3%A7%C3%A3o%20desta%20arte%20original.%20Ela%20ainda%20est%C3%A1%20dispon%C3%ADvel%3F%0D%0A%0D%0A%2AN%C3%A9voa%2A%0A%2AURL%3A%2A%20https%3A%2F%2Flalatelier.com%2Fen%2Fproduct%2Fnevoa%2F%0D%0A%0D%0AObrigado%21&app_absent=0\" title=\"Complete order on WhatsApp to buy N\u00e9voa\" target=\"\" class=\"button add_to_cart_button wa-shop-button product_type_simple\">\r\n\t\t\tAdquirir esta pe\u00e7a original\t\t<\/a>\r\n\t\t\t\t<\/div>\n\n\t\t<\/div>\n\n\t\t\n\t<\/div>\n\n\t<\/div>\n\n<\/li><\/ul>\n<\/div><\/div><\/div><\/div><\/div><\/div><div  class=\"sec_row container\"><div class=\"vc_row wpb_row vc_row-fluid\"><div class=\"wpb_column vc_column_container vc_col-sm-12 et-dark-column\"><div class=\"vc_column-inner\"><div class=\"wpb_wrapper\"><\/div><\/div><\/div><\/div><\/div>\n<\/div>","protected":false},"excerpt":{"rendered":"Quick View Fluxo Medidas: 1.50 x 1.00 m T\u00e9cnica: Acr\u00edlico sobre tela, com texturas org\u00e2nicas Descri\u00e7\u00e3o: \u201cA obra \u201dFluxo\u201d nasceu da minha percep\u00e7\u00e3o de que tudo est\u00e1 em movimento, mesmo aquilo que, \u00e0 primeira vista, parece quieto. As cores se revelam como correntes invis\u00edveis que se encontram, se atravessam e [...]","protected":false},"author":1,"featured_media":0,"parent":0,"menu_order":0,"comment_status":"closed","ping_status":"closed","template":"","meta":{"footnotes":""},"class_list":["post-3396","page","type-page","status-publish","hentry"],"aioseo_notices":[],"_links":{"self":[{"href":"https:\/\/lalatelier.com\/en\/wp-json\/wp\/v2\/pages\/3396","targetHints":{"allow":["GET"]}}],"collection":[{"href":"https:\/\/lalatelier.com\/en\/wp-json\/wp\/v2\/pages"}],"about":[{"href":"https:\/\/lalatelier.com\/en\/wp-json\/wp\/v2\/types\/page"}],"author":[{"embeddable":true,"href":"https:\/\/lalatelier.com\/en\/wp-json\/wp\/v2\/users\/1"}],"replies":[{"embeddable":true,"href":"https:\/\/lalatelier.com\/en\/wp-json\/wp\/v2\/comments?post=3396"}],"version-history":[{"count":5,"href":"https:\/\/lalatelier.com\/en\/wp-json\/wp\/v2\/pages\/3396\/revisions"}],"predecessor-version":[{"id":3516,"href":"https:\/\/lalatelier.com\/en\/wp-json\/wp\/v2\/pages\/3396\/revisions\/3516"}],"wp:attachment":[{"href":"https:\/\/lalatelier.com\/en\/wp-json\/wp\/v2\/media?parent=3396"}],"curies":[{"name":"wp","href":"https:\/\/api.w.org\/{rel}","templated":true}]}}